{"id":33,"date":"2012-08-29T14:01:59","date_gmt":"2012-08-29T12:01:59","guid":{"rendered":""},"modified":"2024-02-16T23:26:17","modified_gmt":"2024-02-16T21:26:17","slug":"deutsch-sprachkursetermine-preise-deutschkurse","status":"publish","type":"page","link":"https:\/\/www.sprachboerse.de\/fr\/deutsch-sprachkurse\/deutsch-sprachkursetermine-preise-deutschkurse\/","title":{"rendered":"Prix des cours d&rsquo;allemand"},"content":{"rendered":"<p><\/p>\n<p><strong>Les participants avec des connaissances pr\u00e9alables en allemand<\/strong> peuvent rejoindre nos groupes <strong>chaque lundi<\/strong>, apr\u00e8s un test d\u2019\u00e9valuation.<\/p>\n<p>*Suppl\u00e9ment de saison en juin, juillet et ao\u00fbt Euro 25,- par semaine.<\/p>\n<h3>Prix pour les cours d\u2019allemand intensif, les cours du soir et les cours individuels<\/h3>\n<h3>\n<style type=\"text\/css\">\n\t<!-- @page { margin: 2cm } TD P { margin-bottom: 0cm } P { margin-bottom: 0.21cm } --><br \/>\t<\/style>\n<\/h3>\n<table border=\"0\" width=\"751\" cellspacing=\"0\" cellpadding=\"2\">\n<colgroup>\n<col width=\"279\" \/>\n<col width=\"48\" \/>\n<col width=\"48\" \/>\n<col width=\"48\" \/>\n<col width=\"52\" \/>\n<col width=\"59\" \/>\n<col width=\"59\" \/>\n<col width=\"59\" \/>\n<col width=\"62\" \/> <\/colgroup>\n<tbody>\n<tr>\n<td width=\"279\"><strong><span style=\"font-family: inherit;\"><b>Semaine\/s<\/b><\/span><\/strong><\/td>\n<td width=\"48\"><strong><span style=\"font-family: inherit;\"><b>1<\/b><\/span><\/strong><\/td>\n<td width=\"48\"><strong><span style=\"font-family: inherit;\"><b>2<\/b><\/span><\/strong><\/td>\n<td width=\"48\"><strong><span style=\"font-family: inherit;\"><b>3<\/b><\/span><\/strong><\/td>\n<td width=\"52\"><strong><span style=\"font-family: inherit;\"><b>4<\/b><\/span><\/strong><\/td>\n<td width=\"59\"><strong><span style=\"font-family: inherit;\"><b>6<\/b><\/span><\/strong><\/td>\n<td width=\"59\"><strong><span style=\"font-family: inherit;\"><b>8<\/b><\/span><\/strong><\/td>\n<td width=\"59\"><strong><span style=\"font-family: inherit;\"><b>12<\/b><\/span><\/strong><\/td>\n<td width=\"62\"><strong><span style=\"font-family: inherit;\"><b>16<\/b><\/span><\/strong><\/td>\n<\/tr>\n<tr>\n<td width=\"279\"><strong><span style=\"font-family: inherit;\"><b>Cours d&rsquo;allemand intensif<\/b><\/span><\/strong><\/p>\n<p><span style=\"font-family: inherit;\">tout niveau 20 UC**\/semaine<\/span><\/td>\n<td width=\"48\"><span style=\"font-family: inherit;\">190 \u20ac<\/span><\/td>\n<td width=\"48\"><span style=\"font-family: inherit;\">380 \u20ac<\/span><\/td>\n<td width=\"48\"><span style=\"font-family: inherit;\">540 \u20ac<\/span><\/td>\n<td width=\"52\"><span style=\"font-family: inherit;\">590 \u20ac<\/span><\/td>\n<td width=\"59\"><span style=\"font-family: inherit;\">780,00 \u20ac<\/span><\/td>\n<td width=\"59\"><span style=\"font-family: inherit;\">1080 \u20ac<\/span><\/td>\n<td width=\"59\"><span style=\"font-family: inherit;\">1620 \u20ac<\/span><\/td>\n<td width=\"62\"><span style=\"font-family: inherit;\">2160 \u20ac<\/span><\/td>\n<\/tr>\n<tr>\n<td width=\"279\"><strong><span style=\"font-family: inherit;\"><b>Cours du soir<\/b><\/span><\/strong><\/p>\n<p><span style=\"font-family: inherit;\">4 UC**\/semaine\u00a0<\/span><\/td>\n<td width=\"48\"><\/td>\n<td width=\"48\"><\/td>\n<td width=\"48\"><\/td>\n<td width=\"52\">\u00a020<span style=\"font-family: inherit;\">0 \u20ac<\/span><\/td>\n<td width=\"59\"><\/td>\n<td width=\"59\"><span style=\"font-family: inherit;\">398 \u20ac<\/span><\/td>\n<td width=\"59\">\u00a059<span style=\"font-family: inherit;\">0 \u20ac<\/span><\/td>\n<td width=\"62\"><\/td>\n<\/tr>\n<tr>\n<td width=\"279\"><strong><span style=\"font-family: inherit;\"><b>Cours individuelle<\/b><\/span><\/strong><\/p>\n<p><span style=\"font-family: inherit;\">5 x 2 UC**: Euro 400,-<\/span><\/td>\n<td width=\"48\"><\/td>\n<td width=\"48\"><\/td>\n<td width=\"48\"><\/td>\n<td width=\"52\"><\/td>\n<td width=\"59\"><\/td>\n<td width=\"59\"><\/td>\n<td width=\"59\"><\/td>\n<td width=\"62\"><\/td>\n<\/tr>\n<\/tbody>\n<\/table>\n<p>**UC = unit\u00e9 de cours = 45 minutes<\/p>\n<p><\/p>","protected":false},"excerpt":{"rendered":"<p>Les participants avec des connaissances pr\u00e9alables en allemand peuvent rejoindre nos groupes chaque lundi, apr\u00e8s un test d\u2019\u00e9valuation. *Suppl\u00e9ment de saison en juin, juillet et ao\u00fbt Euro 25,- par semaine. Prix pour les cours d\u2019allemand intensif, les cours du soir et les cours individuels Semaine\/s 1 2 3 4 6 8 12 16 Cours d&rsquo;allemand [&hellip;]<\/p>\n","protected":false},"author":1,"featured_media":0,"parent":202,"menu_order":0,"comment_status":"closed","ping_status":"closed","template":"","meta":{"footnotes":""},"aioseo_notices":[],"_links":{"self":[{"href":"https:\/\/www.sprachboerse.de\/fr\/wp-json\/wp\/v2\/pages\/33"}],"collection":[{"href":"https:\/\/www.sprachboerse.de\/fr\/wp-json\/wp\/v2\/pages"}],"about":[{"href":"https:\/\/www.sprachboerse.de\/fr\/wp-json\/wp\/v2\/types\/page"}],"author":[{"embeddable":true,"href":"https:\/\/www.sprachboerse.de\/fr\/wp-json\/wp\/v2\/users\/1"}],"replies":[{"embeddable":true,"href":"https:\/\/www.sprachboerse.de\/fr\/wp-json\/wp\/v2\/comments?post=33"}],"version-history":[{"count":38,"href":"https:\/\/www.sprachboerse.de\/fr\/wp-json\/wp\/v2\/pages\/33\/revisions"}],"predecessor-version":[{"id":1581,"href":"https:\/\/www.sprachboerse.de\/fr\/wp-json\/wp\/v2\/pages\/33\/revisions\/1581"}],"up":[{"embeddable":true,"href":"https:\/\/www.sprachboerse.de\/fr\/wp-json\/wp\/v2\/pages\/202"}],"wp:attachment":[{"href":"https:\/\/www.sprachboerse.de\/fr\/wp-json\/wp\/v2\/media?parent=33"}],"curies":[{"name":"wp","href":"https:\/\/api.w.org\/{rel}","templated":true}]}}