{"id":32,"date":"2012-08-29T13:54:35","date_gmt":"2012-08-29T11:54:35","guid":{"rendered":""},"modified":"2022-08-17T13:36:15","modified_gmt":"2022-08-17T11:36:15","slug":"deutsch-sprachkursedeutschkurs-sommer-jugendliche","status":"publish","type":"page","link":"https:\/\/www.sprachboerse.de\/es\/deutsch-sprachkurse\/deutsch-sprachkursedeutschkurs-sommer-jugendliche\/","title":{"rendered":"Cursos de alem\u00e1n en verano en M\u00fanich"},"content":{"rendered":"<p><strong>Para jovenes (a partir de 14 a\u00f1os) y adultos.<\/strong><\/p>\n<p><strong><a href=\"http:\/\/www.sprachboerse.de\/wp-content\/uploads\/2012\/08\/Bootstour.jpg\"><img loading=\"lazy\" decoding=\"async\" class=\"alignnone size-medium wp-image-767\" src=\"http:\/\/www.sprachboerse.de\/wp-content\/uploads\/2012\/08\/Bootstour-300x169.jpg\" alt=\"Bootstour\" width=\"300\" height=\"169\" srcset=\"https:\/\/www.sprachboerse.de\/wp-content\/uploads\/2012\/08\/Bootstour-300x169.jpg 300w, https:\/\/www.sprachboerse.de\/wp-content\/uploads\/2012\/08\/Bootstour.jpg 960w\" sizes=\"(max-width: 300px) 100vw, 300px\" \/><\/a>\u00a0<a href=\"http:\/\/www.sprachboerse.de\/wp-content\/uploads\/2012\/08\/Bootstour3.jpg\"><img loading=\"lazy\" decoding=\"async\" class=\"alignnone size-medium wp-image-768\" src=\"http:\/\/www.sprachboerse.de\/wp-content\/uploads\/2012\/08\/Bootstour3-300x169.jpg\" alt=\"Bootstour3\" width=\"300\" height=\"169\" srcset=\"https:\/\/www.sprachboerse.de\/wp-content\/uploads\/2012\/08\/Bootstour3-300x169.jpg 300w, https:\/\/www.sprachboerse.de\/wp-content\/uploads\/2012\/08\/Bootstour3-1024x576.jpg 1024w, https:\/\/www.sprachboerse.de\/wp-content\/uploads\/2012\/08\/Bootstour3.jpg 1224w\" sizes=\"(max-width: 300px) 100vw, 300px\" \/><\/a>\u00a0<a href=\"http:\/\/www.sprachboerse.de\/wp-content\/uploads\/2012\/08\/AusflugStarnbergerSee.jpg\"><img loading=\"lazy\" decoding=\"async\" class=\"alignnone wp-image-769\" src=\"http:\/\/www.sprachboerse.de\/wp-content\/uploads\/2012\/08\/AusflugStarnbergerSee-300x200.jpg\" alt=\"AusflugStarnbergerSee\" width=\"252\" height=\"168\" srcset=\"https:\/\/www.sprachboerse.de\/wp-content\/uploads\/2012\/08\/AusflugStarnbergerSee-300x200.jpg 300w, https:\/\/www.sprachboerse.de\/wp-content\/uploads\/2012\/08\/AusflugStarnbergerSee-1024x683.jpg 1024w, https:\/\/www.sprachboerse.de\/wp-content\/uploads\/2012\/08\/AusflugStarnbergerSee.jpg 2048w\" sizes=\"(max-width: 252px) 100vw, 252px\" \/><\/a><\/strong><\/p>\n<p>&nbsp;<\/p>\n<p>Desde hace muchos a\u00f1os ofrecemos cursos de alem\u00e1n con un amplio programa de verano para clientes internacionales. Est\u00e1 Vd. buscando un curso de alem\u00e1n en verano? Nuestros cursos de alem\u00e1n (desde junio hasta finales de agosto) tienen desde hace muchos a\u00f1os un gran \u00e9xito y las plazas est\u00e1n limitadas, por lo que es conveniente que reserve su plaza con antelaci\u00f3n.<\/p>\n<p><a href=\"..\/inscripcion-en-un-curso-de-aleman-de-la-escuela-sprachboerse\">Inscripci\u00f3n cursos de alem\u00e1n en verano<\/a><\/p>\n<p>Nuestros cursos de alem\u00e1n en verano ofrecen, a parte de su gran calidad, un amplio programa de actividades culturales. Vd. puede apuntarse a numerosas excursiones, museos, teatros, y festivales. Las visitas preferidas de nuestros alumnos son desde hace tiempo el Museo T\u00e9cnico Alem\u00e1n, el Parque Ol\u00edmpico, el Museo BMW, el Festival Tollwood, el Palacio de Nymphenburg, los estudios cinematogr\u00e1ficos Babaria, la Disco-Bowling etc.<\/p>\n<p>Las actividades fuera de la escuela le ayudaran a hacer amistades y a familiarizarse con la ciudad. As\u00ed tambi\u00e9n ir\u00e1 superando los reparos a la hora de expresarse, y podr\u00e1 poner en pr\u00e1ctica sus conocimientos de alem\u00e1n, tomando contacto con la vida cotidiana de M\u00fanich.<\/p>\n<p>Con el curso intensivo de la ma\u00f1ana (20 horas\/semana) puede solicitar o ampliar un visado como estudiante de idiomas (visado de idiomas para participar en un curso de alem\u00e1n).<\/p>\n<p><strong>Cursos de alem\u00e1n en verano para jovenes (a partir de 14 a\u00f1os) y adultos<\/strong><\/p>\n<p>Cursos intensivos<\/p>\n<p>20UE*\/a la semana. De lunes a viernes 10.00 \u2013 13.15 h.<\/p>\n<p><a href=\"fechas-precios-cursos\">Fechas y precios<\/a><\/p>\n<p><strong>Cursos de alem\u00e1n en verano para jovenes (a partir de 14 a\u00f1os) y adultos<\/strong><\/p>\n<p>Cursos intensivos PLUS<\/p>\n<p>24UE*\/a la semana. De lunes a viernes 10.00 \u2013 13.15 h, lunes + mi\u00e9rcoles, 14.00 &#8211; 15.30<\/p>\n<p><a href=\"fechas-precios-cursos\">Fechas y precios<\/a><\/p>\n<p>Es posible la incorporaci\u00f3n al curso de los alummnos con conocimientos de alem\u00e1n todos los lunes. Los participantes deber\u00e1n pasar s\u00f3lo un test para establecer su nivel. Los alumnos principiantes tienen una fecha fija de inicio del curso.<\/p>\n<p>*1UE = 1 unidad = 45 minutos.<\/p>","protected":false},"excerpt":{"rendered":"<p>Para jovenes (a partir de 14 a\u00f1os) y adultos. \u00a0\u00a0 &nbsp; Desde hace muchos a\u00f1os ofrecemos cursos de alem\u00e1n con un amplio programa de verano para clientes internacionales. Est\u00e1 Vd. buscando un curso de alem\u00e1n en verano? Nuestros cursos de alem\u00e1n (desde junio hasta finales de agosto) tienen desde hace muchos a\u00f1os un gran \u00e9xito [&hellip;]<\/p>\n","protected":false},"author":1,"featured_media":0,"parent":202,"menu_order":0,"comment_status":"closed","ping_status":"closed","template":"","meta":{"footnotes":""},"aioseo_notices":[],"_links":{"self":[{"href":"https:\/\/www.sprachboerse.de\/es\/wp-json\/wp\/v2\/pages\/32"}],"collection":[{"href":"https:\/\/www.sprachboerse.de\/es\/wp-json\/wp\/v2\/pages"}],"about":[{"href":"https:\/\/www.sprachboerse.de\/es\/wp-json\/wp\/v2\/types\/page"}],"author":[{"embeddable":true,"href":"https:\/\/www.sprachboerse.de\/es\/wp-json\/wp\/v2\/users\/1"}],"replies":[{"embeddable":true,"href":"https:\/\/www.sprachboerse.de\/es\/wp-json\/wp\/v2\/comments?post=32"}],"version-history":[{"count":70,"href":"https:\/\/www.sprachboerse.de\/es\/wp-json\/wp\/v2\/pages\/32\/revisions"}],"predecessor-version":[{"id":1523,"href":"https:\/\/www.sprachboerse.de\/es\/wp-json\/wp\/v2\/pages\/32\/revisions\/1523"}],"up":[{"embeddable":true,"href":"https:\/\/www.sprachboerse.de\/es\/wp-json\/wp\/v2\/pages\/202"}],"wp:attachment":[{"href":"https:\/\/www.sprachboerse.de\/es\/wp-json\/wp\/v2\/media?parent=32"}],"curies":[{"name":"wp","href":"https:\/\/api.w.org\/{rel}","templated":true}]}}